{"id":8,"date":"2016-11-02T02:26:39","date_gmt":"2016-11-02T02:26:39","guid":{"rendered":"https:\/\/audiosaludregional.cl\/?page_id=8"},"modified":"2025-08-05T21:01:22","modified_gmt":"2025-08-05T21:01:22","slug":"quienes-somos","status":"publish","type":"page","link":"https:\/\/audiosaludregional.cl\/index.php\/quienes-somos\/","title":{"rendered":"Quienes somos"},"content":{"rendered":"<p><div class=\"fusion-fullwidth fullwidth-box fusion-builder-row-1 fusion-flex-container nonhundred-percent-fullwidth non-hundred-percent-height-scrolling\" style=\"--awb-border-radius-top-left:0px;--awb-border-radius-top-right:0px;--awb-border-radius-bottom-right:0px;--awb-border-radius-bottom-left:0px;--awb-padding-top:90px;\" ><div class=\"fusion-builder-row fusion-row fusion-flex-align-items-flex-start fusion-flex-justify-content-center\" style=\"max-width:1144px;margin-left: calc(-4% \/ 2 );margin-right: calc(-4% \/ 2 );\"><div class=\"fusion-layout-column fusion_builder_column fusion-builder-column-0 fusion_builder_column_2_3 2_3 fusion-flex-column\" style=\"--awb-bg-blend:overlay;--awb-bg-size:cover;--awb-width-large:66.666666666667%;--awb-margin-top-large:2%;--awb-spacing-right-large:2.88%;--awb-margin-bottom-large:2%;--awb-spacing-left-large:2.88%;--awb-width-medium:100%;--awb-spacing-right-medium:1.92%;--awb-spacing-left-medium:1.92%;--awb-width-small:100%;--awb-spacing-right-small:1.92%;--awb-spacing-left-small:1.92%;\"><div class=\"fusion-column-wrapper fusion-flex-justify-content-flex-start fusion-content-layout-column\"><div class=\"fusion-image-element \" style=\"text-align:center;--awb-margin-bottom:30px;--awb-caption-title-font-family:var(--h2_typography-font-family);--awb-caption-title-font-weight:var(--h2_typography-font-weight);--awb-caption-title-font-style:var(--h2_typography-font-style);--awb-caption-title-size:var(--h2_typography-font-size);--awb-caption-title-transform:var(--h2_typography-text-transform);--awb-caption-title-line-height:var(--h2_typography-line-height);--awb-caption-title-letter-spacing:var(--h2_typography-letter-spacing);\"><span class=\" fusion-imageframe imageframe-none imageframe-1 hover-type-none\" class=\"image-magnify\" class=\"image-scroll\"><img decoding=\"async\" width=\"48\" height=\"54\" title=\"icon_1\" src=\"data:image\/svg+xml,%3Csvg%20xmlns%3D%27http%3A%2F%2Fwww.w3.org%2F2000%2Fsvg%27%20width%3D%2748%27%20height%3D%2754%27%20viewBox%3D%270%200%2048%2054%27%3E%3Crect%20width%3D%2748%27%20height%3D%2754%27%20fill-opacity%3D%220%22%2F%3E%3C%2Fsvg%3E\" data-orig-src=\"https:\/\/audiosaludregional.cl\/wp-content\/uploads\/2016\/10\/icon_1.png\" alt class=\"lazyload img-responsive wp-image-29\"\/><\/span><\/div><div class=\"fusion-title title fusion-title-1 fusion-title-center fusion-title-text fusion-title-size-two\"><div class=\"title-sep-container title-sep-container-left\"><div class=\"title-sep sep- sep-solid\" style=\"border-color:var(--awb-color3);\"><\/div><\/div><span class=\"awb-title-spacer\"><\/span><h2 class=\"title-heading-center\" style=\"margin:0;\"><span style=\"color: #6487c2;\">Audio Salud Regional<\/span><\/h2><span class=\"awb-title-spacer\"><\/span><div class=\"title-sep-container title-sep-container-right\"><div class=\"title-sep sep- sep-solid\" style=\"border-color:var(--awb-color3);\"><\/div><\/div><\/div><div class=\"fusion-separator\" style=\"align-self: center;margin-left: auto;margin-right: auto;margin-bottom:10px;width:100%;max-width:100px;\"><div class=\"fusion-separator-border sep-single sep-solid\" style=\"--awb-height:20px;--awb-amount:20px;--awb-sep-color:var(--awb-color5);border-color:var(--awb-color5);border-top-width:2px;\"><\/div><\/div><\/div><\/div><\/div><\/div><div class=\"fusion-fullwidth fullwidth-box fusion-builder-row-2 fusion-flex-container nonhundred-percent-fullwidth non-hundred-percent-height-scrolling\" style=\"--awb-border-radius-top-left:0px;--awb-border-radius-top-right:0px;--awb-border-radius-bottom-right:0px;--awb-border-radius-bottom-left:0px;--awb-padding-top:0px;--awb-padding-bottom:0px;\" ><div class=\"fusion-builder-row fusion-row fusion-flex-align-items-flex-start\" style=\"max-width:1144px;margin-left: calc(-4% \/ 2 );margin-right: calc(-4% \/ 2 );\"><div class=\"fusion-layout-column fusion_builder_column fusion-builder-column-1 fusion_builder_column_1_2 1_2 fusion-flex-column\" style=\"--awb-padding-right:3%;--awb-padding-left:3%;--awb-bg-blend:overlay;--awb-bg-size:cover;--awb-width-large:50%;--awb-margin-top-large:20px;--awb-spacing-right-large:3.84%;--awb-margin-bottom-large:0px;--awb-spacing-left-large:3.84%;--awb-width-medium:100%;--awb-spacing-right-medium:1.92%;--awb-spacing-left-medium:1.92%;--awb-width-small:100%;--awb-spacing-right-small:1.92%;--awb-spacing-left-small:1.92%;\"><div class=\"fusion-column-wrapper fusion-flex-justify-content-flex-start fusion-content-layout-column\"><div class=\"fusion-tabs fusion-tabs-1 clean nav-is-justified horizontal-tabs icon-position-left mobile-mode-accordion\" style=\"--awb-title-border-radius-top-left:0px;--awb-title-border-radius-top-right:0px;--awb-title-border-radius-bottom-right:0px;--awb-title-border-radius-bottom-left:0px;--awb-alignment:center;--awb-inactive-color:var(--awb-color2);--awb-background-color:var(--awb-color1);--awb-border-color:var(--awb-color3);--awb-active-border-color:var(--awb-custom_color_1);\"><div class=\"nav\"><ul class=\"nav-tabs nav-justified\" role=\"tablist\"><li class=\"active\" role=\"presentation\"><a class=\"tab-link\" data-toggle=\"tab\" role=\"tab\" aria-controls=\"tab-e904b7e637fdf33d581\" aria-selected=\"true\" id=\"fusion-tab-misi\u00f3n\" href=\"#tab-e904b7e637fdf33d581\"><h4 class=\"fusion-tab-heading\"><i class=\"fontawesome-icon dentist-menu\" aria-hidden=\"true\" style=\"font-size:13px; --icon-color:var(--awb-custom_color_1);\"><\/i>Misi\u00f3n <\/h4><\/a><\/li><li role=\"presentation\"><a class=\"tab-link\" data-toggle=\"tab\" role=\"tab\" aria-controls=\"tab-e912e39c04c49861608\" aria-selected=\"false\" tabindex=\"-1\" id=\"fusion-tab-visi\u00f3n\" href=\"#tab-e912e39c04c49861608\"><h4 class=\"fusion-tab-heading\"><i class=\"fontawesome-icon dentist-eye\" aria-hidden=\"true\" style=\"font-size:13px; --icon-color:var(--awb-color4);\"><\/i>Visi\u00f3n <\/h4><\/a><\/li><\/ul><\/div><div class=\"tab-content\"><div class=\"nav fusion-mobile-tab-nav\"><ul class=\"nav-tabs nav-justified\" role=\"tablist\"><li class=\"active\" role=\"presentation\"><a class=\"tab-link\" data-toggle=\"tab\" role=\"tab\" aria-controls=\"tab-e904b7e637fdf33d581\" aria-selected=\"true\" id=\"mobile-fusion-tab-misi\u00f3n\" href=\"#tab-e904b7e637fdf33d581\"><h4 class=\"fusion-tab-heading\"><i class=\"fontawesome-icon dentist-menu\" aria-hidden=\"true\" style=\"font-size:13px; --icon-color:var(--awb-custom_color_1);\"><\/i>Misi\u00f3n <\/h4><\/a><\/li><\/ul><\/div><div class=\"tab-pane fade fusion-clearfix in active\" role=\"tabpanel\" tabindex=\"0\" aria-labelledby=\"fusion-tab-misi\u00f3n\" id=\"tab-e904b7e637fdf33d581\">\n<ul>\n<li class=\"x_MsoNormal\">Ser lideres en innovaci\u00f3n tecnol\u00f3gica y atenci\u00f3n integral para contribuir al bienestar auditivo de la comunidad.<\/li>\n<li class=\"x_MsoNormal\">Ser reconocidos en el \u00e1rea por contar con equipo profesional especializado en el \u00e1rea.<\/li>\n<li class=\"x_MsoNormal\">Ser en el campo de la audiolog\u00eda, contribuyendo a la mejora continua de la salud auditiva<\/li>\n<li class=\"x_MsoNormal\">Ser una fuente de inspiraci\u00f3n para nuestros pacientes, ayud\u00e1ndolos a desarrollar su potencial comunicativo y alcanzar la reintegraci\u00f3n social.<\/li>\n<\/ul>\n<\/div><div class=\"nav fusion-mobile-tab-nav\"><ul class=\"nav-tabs nav-justified\" role=\"tablist\"><li role=\"presentation\"><a class=\"tab-link\" data-toggle=\"tab\" role=\"tab\" aria-controls=\"tab-e912e39c04c49861608\" aria-selected=\"false\" tabindex=\"-1\" id=\"mobile-fusion-tab-visi\u00f3n\" href=\"#tab-e912e39c04c49861608\"><h4 class=\"fusion-tab-heading\"><i class=\"fontawesome-icon dentist-eye\" aria-hidden=\"true\" style=\"font-size:13px; --icon-color:var(--awb-color4);\"><\/i>Visi\u00f3n <\/h4><\/a><\/li><\/ul><\/div><div class=\"tab-pane fade fusion-clearfix\" role=\"tabpanel\" tabindex=\"0\" aria-labelledby=\"fusion-tab-visi\u00f3n\" id=\"tab-e912e39c04c49861608\">\n<ul>\n<li class=\"x_MsoNormal\">Proporcionar servicios de evaluaci\u00f3n y soluciones personalizadas para mejorar la calidad de vida de las personas con dificultad auditiva<\/li>\n<li class=\"x_MsoNormal\">Mejorar la calidad de vida de nuestros pacientes a trav\u00e9s de la comunicaci\u00f3n efectiva y el desarrollo de habilidades auditivas<\/li>\n<li class=\"x_MsoNormal\">Brindar atenci\u00f3n personalizada y especializada a nuestros pacientes para ayudarles a alcanzar sus objetivos comunicativos.<\/li>\n<li class=\"x_MsoNormal\">Ser un centro de referencia en el campo de la audiolog\u00eda, ofreciendo servicios de alta calidad y una experiencia excepcional al paciente.<\/li>\n<li class=\"x_MsoNormal\">Contribuir al desarrollo y la innovaci\u00f3n en el \u00e1rea de la audiolog\u00eda por medio de aud\u00edfonos digitales m\u00e9dicos personalizados.<\/li>\n<li class=\"x_MsoNormal\">Proporcionar soluciones efectivas a la p\u00e9rdida auditiva con el apoyo del aud\u00edfono y la rehabilitaci\u00f3n auditiva, para as\u00ed mejorar el bienestar y calidad de vida del usuario<\/li>\n<\/ul>\n<\/div><\/div><\/div><\/div><\/div><div class=\"fusion-layout-column fusion_builder_column fusion-builder-column-2 fusion_builder_column_1_2 1_2 fusion-flex-column\" style=\"--awb-bg-blend:overlay;--awb-bg-size:cover;--awb-width-large:50%;--awb-margin-top-large:10px;--awb-spacing-right-large:3.84%;--awb-margin-bottom-large:0px;--awb-spacing-left-large:3.84%;--awb-width-medium:100%;--awb-spacing-right-medium:1.92%;--awb-spacing-left-medium:1.92%;--awb-width-small:100%;--awb-spacing-right-small:1.92%;--awb-spacing-left-small:1.92%;\"><div class=\"fusion-column-wrapper fusion-flex-justify-content-flex-start fusion-content-layout-column\"><div class=\"fusion-slider-sc\"><div class=\"fusion-flexslider-loading flexslider flexslider-hover-type-none\" data-slideshow_autoplay=\"1\" data-slideshow_smooth_height=\"0\" data-slideshow_speed=\"7000\" style=\"max-width:100%;height:100%;\"><ul class=\"slides\"><li class=\"image\"><span class=\"lazyload fusion-image-hover-element hover-type-none\"><img decoding=\"async\" src=\"https:\/\/audiosaludregional.cl\/wp-content\/uploads\/2025\/08\/AUDIFONOS-audiosaludregional-salud-audiometria-concepcion-scaled.jpeg\" data-orig-src=\"https:\/\/audiosaludregional.cl\/wp-content\/uploads\/2025\/08\/AUDIFONOS-audiosaludregional-salud-audiometria-concepcion-scaled.jpeg\" width=\"1920\" height=\"2560\" class=\"lazyload wp-image-2480\" srcset=\"data:image\/svg+xml,%3Csvg%20xmlns%3D%27http%3A%2F%2Fwww.w3.org%2F2000%2Fsvg%27%20width%3D%271920%27%20height%3D%272560%27%20viewBox%3D%270%200%201920%202560%27%3E%3Crect%20width%3D%271920%27%20height%3D%272560%27%20fill-opacity%3D%220%22%2F%3E%3C%2Fsvg%3E\" data-srcset=\"https:\/\/audiosaludregional.cl\/wp-content\/uploads\/2025\/08\/AUDIFONOS-audiosaludregional-salud-audiometria-concepcion-200x267.jpeg 200w, https:\/\/audiosaludregional.cl\/wp-content\/uploads\/2025\/08\/AUDIFONOS-audiosaludregional-salud-audiometria-concepcion-400x533.jpeg 400w, https:\/\/audiosaludregional.cl\/wp-content\/uploads\/2025\/08\/AUDIFONOS-audiosaludregional-salud-audiometria-concepcion-600x800.jpeg 600w, https:\/\/audiosaludregional.cl\/wp-content\/uploads\/2025\/08\/AUDIFONOS-audiosaludregional-salud-audiometria-concepcion-800x1067.jpeg 800w, https:\/\/audiosaludregional.cl\/wp-content\/uploads\/2025\/08\/AUDIFONOS-audiosaludregional-salud-audiometria-concepcion-1200x1600.jpeg 1200w, https:\/\/audiosaludregional.cl\/wp-content\/uploads\/2025\/08\/AUDIFONOS-audiosaludregional-salud-audiometria-concepcion-scaled.jpeg 1920w\" data-sizes=\"auto\" data-orig-sizes=\"(max-width: 1280px) 100vw, (max-width: 1024px) 100vw, 600px\" \/><\/span><\/li><li class=\"image\"><span class=\"lazyload fusion-image-hover-element hover-type-none\"><img decoding=\"async\" src=\"https:\/\/audiosaludregional.cl\/wp-content\/uploads\/2025\/08\/AUDIFONOS-audiosaludregional-salud-audiometria-scaled.jpeg\" data-orig-src=\"https:\/\/audiosaludregional.cl\/wp-content\/uploads\/2025\/08\/AUDIFONOS-audiosaludregional-salud-audiometria-scaled.jpeg\" width=\"1920\" height=\"2560\" class=\"lazyload wp-image-2477\" srcset=\"data:image\/svg+xml,%3Csvg%20xmlns%3D%27http%3A%2F%2Fwww.w3.org%2F2000%2Fsvg%27%20width%3D%271920%27%20height%3D%272560%27%20viewBox%3D%270%200%201920%202560%27%3E%3Crect%20width%3D%271920%27%20height%3D%272560%27%20fill-opacity%3D%220%22%2F%3E%3C%2Fsvg%3E\" data-srcset=\"https:\/\/audiosaludregional.cl\/wp-content\/uploads\/2025\/08\/AUDIFONOS-audiosaludregional-salud-audiometria-200x267.jpeg 200w, https:\/\/audiosaludregional.cl\/wp-content\/uploads\/2025\/08\/AUDIFONOS-audiosaludregional-salud-audiometria-400x533.jpeg 400w, https:\/\/audiosaludregional.cl\/wp-content\/uploads\/2025\/08\/AUDIFONOS-audiosaludregional-salud-audiometria-600x800.jpeg 600w, https:\/\/audiosaludregional.cl\/wp-content\/uploads\/2025\/08\/AUDIFONOS-audiosaludregional-salud-audiometria-800x1067.jpeg 800w, https:\/\/audiosaludregional.cl\/wp-content\/uploads\/2025\/08\/AUDIFONOS-audiosaludregional-salud-audiometria-1200x1600.jpeg 1200w, https:\/\/audiosaludregional.cl\/wp-content\/uploads\/2025\/08\/AUDIFONOS-audiosaludregional-salud-audiometria-scaled.jpeg 1920w\" data-sizes=\"auto\" data-orig-sizes=\"(max-width: 1280px) 100vw, (max-width: 1024px) 100vw, 600px\" \/><\/span><\/li><li class=\"image\"><span class=\"lazyload fusion-image-hover-element hover-type-none\"><img decoding=\"async\" src=\"https:\/\/audiosaludregional.cl\/wp-content\/uploads\/2025\/08\/AUDIFONOS-audiosaludregional-scaled.jpeg\" data-orig-src=\"https:\/\/audiosaludregional.cl\/wp-content\/uploads\/2025\/08\/AUDIFONOS-audiosaludregional-scaled.jpeg\" width=\"1920\" height=\"2560\" class=\"lazyload wp-image-2476\" srcset=\"data:image\/svg+xml,%3Csvg%20xmlns%3D%27http%3A%2F%2Fwww.w3.org%2F2000%2Fsvg%27%20width%3D%271920%27%20height%3D%272560%27%20viewBox%3D%270%200%201920%202560%27%3E%3Crect%20width%3D%271920%27%20height%3D%272560%27%20fill-opacity%3D%220%22%2F%3E%3C%2Fsvg%3E\" data-srcset=\"https:\/\/audiosaludregional.cl\/wp-content\/uploads\/2025\/08\/AUDIFONOS-audiosaludregional-200x267.jpeg 200w, https:\/\/audiosaludregional.cl\/wp-content\/uploads\/2025\/08\/AUDIFONOS-audiosaludregional-400x533.jpeg 400w, https:\/\/audiosaludregional.cl\/wp-content\/uploads\/2025\/08\/AUDIFONOS-audiosaludregional-600x800.jpeg 600w, https:\/\/audiosaludregional.cl\/wp-content\/uploads\/2025\/08\/AUDIFONOS-audiosaludregional-800x1067.jpeg 800w, https:\/\/audiosaludregional.cl\/wp-content\/uploads\/2025\/08\/AUDIFONOS-audiosaludregional-1200x1600.jpeg 1200w, https:\/\/audiosaludregional.cl\/wp-content\/uploads\/2025\/08\/AUDIFONOS-audiosaludregional-scaled.jpeg 1920w\" data-sizes=\"auto\" data-orig-sizes=\"(max-width: 1280px) 100vw, (max-width: 1024px) 100vw, 600px\" \/><\/span><\/li><li class=\"image\"><span class=\"lazyload fusion-image-hover-element hover-type-none\"><img decoding=\"async\" src=\"https:\/\/audiosaludregional.cl\/wp-content\/uploads\/2025\/06\/tinitus-concepcion-audiosalud-orejas-dolor-salud-scaled.jpeg\" data-orig-src=\"https:\/\/audiosaludregional.cl\/wp-content\/uploads\/2025\/06\/tinitus-concepcion-audiosalud-orejas-dolor-salud-scaled.jpeg\" width=\"1920\" height=\"2560\" class=\"lazyload wp-image-2401\" srcset=\"data:image\/svg+xml,%3Csvg%20xmlns%3D%27http%3A%2F%2Fwww.w3.org%2F2000%2Fsvg%27%20width%3D%271920%27%20height%3D%272560%27%20viewBox%3D%270%200%201920%202560%27%3E%3Crect%20width%3D%271920%27%20height%3D%272560%27%20fill-opacity%3D%220%22%2F%3E%3C%2Fsvg%3E\" data-srcset=\"https:\/\/audiosaludregional.cl\/wp-content\/uploads\/2025\/06\/tinitus-concepcion-audiosalud-orejas-dolor-salud-200x267.jpeg 200w, https:\/\/audiosaludregional.cl\/wp-content\/uploads\/2025\/06\/tinitus-concepcion-audiosalud-orejas-dolor-salud-400x533.jpeg 400w, https:\/\/audiosaludregional.cl\/wp-content\/uploads\/2025\/06\/tinitus-concepcion-audiosalud-orejas-dolor-salud-600x800.jpeg 600w, https:\/\/audiosaludregional.cl\/wp-content\/uploads\/2025\/06\/tinitus-concepcion-audiosalud-orejas-dolor-salud-800x1067.jpeg 800w, https:\/\/audiosaludregional.cl\/wp-content\/uploads\/2025\/06\/tinitus-concepcion-audiosalud-orejas-dolor-salud-1200x1600.jpeg 1200w, https:\/\/audiosaludregional.cl\/wp-content\/uploads\/2025\/06\/tinitus-concepcion-audiosalud-orejas-dolor-salud-scaled.jpeg 1920w\" data-sizes=\"auto\" data-orig-sizes=\"(max-width: 1280px) 100vw, (max-width: 1024px) 100vw, 600px\" \/><\/span><\/li><\/ul><\/div><\/div><\/div><\/div><\/div><\/div><\/p>\n","protected":false},"excerpt":{"rendered":"","protected":false},"author":1,"featured_media":0,"parent":0,"menu_order":0,"comment_status":"closed","ping_status":"closed","template":"100-width.php","meta":{"om_disable_all_campaigns":false,"_monsterinsights_skip_tracking":false,"_monsterinsights_sitenote_active":false,"_monsterinsights_sitenote_note":"","_monsterinsights_sitenote_category":0,"_uf_show_specific_survey":0,"_uf_disable_surveys":false,"footnotes":""},"class_list":["post-8","page","type-page","status-publish","hentry"],"yoast_head":"<!-- This site is optimized with the Yoast SEO plugin v25.6 - https:\/\/yoast.com\/wordpress\/plugins\/seo\/ -->\n<title>Quienes somos - Audio Salud Regional<\/title>\n<meta name=\"robots\" content=\"index, follow, max-snippet:-1, max-image-preview:large, max-video-preview:-1\" \/>\n<link rel=\"canonical\" href=\"https:\/\/audiosaludregional.cl\/index.php\/quienes-somos\/\" \/>\n<meta property=\"og:locale\" content=\"es_ES\" \/>\n<meta property=\"og:type\" content=\"article\" \/>\n<meta property=\"og:title\" content=\"Quienes somos - Audio Salud Regional\" \/>\n<meta property=\"og:url\" content=\"https:\/\/audiosaludregional.cl\/index.php\/quienes-somos\/\" \/>\n<meta property=\"og:site_name\" content=\"Audio Salud Regional\" \/>\n<meta property=\"article:modified_time\" content=\"2025-08-05T21:01:22+00:00\" \/>\n<meta name=\"twitter:card\" content=\"summary_large_image\" \/>\n<meta name=\"twitter:label1\" content=\"Tiempo de lectura\" \/>\n\t<meta name=\"twitter:data1\" content=\"4 minutos\" \/>\n<script type=\"application\/ld+json\" class=\"yoast-schema-graph\">{\"@context\":\"https:\/\/schema.org\",\"@graph\":[{\"@type\":\"WebPage\",\"@id\":\"https:\/\/audiosaludregional.cl\/index.php\/quienes-somos\/\",\"url\":\"https:\/\/audiosaludregional.cl\/index.php\/quienes-somos\/\",\"name\":\"Quienes somos - Audio Salud Regional\",\"isPartOf\":{\"@id\":\"https:\/\/audiosaludregional.cl\/#website\"},\"datePublished\":\"2016-11-02T02:26:39+00:00\",\"dateModified\":\"2025-08-05T21:01:22+00:00\",\"breadcrumb\":{\"@id\":\"https:\/\/audiosaludregional.cl\/index.php\/quienes-somos\/#breadcrumb\"},\"inLanguage\":\"es\",\"potentialAction\":[{\"@type\":\"ReadAction\",\"target\":[\"https:\/\/audiosaludregional.cl\/index.php\/quienes-somos\/\"]}]},{\"@type\":\"BreadcrumbList\",\"@id\":\"https:\/\/audiosaludregional.cl\/index.php\/quienes-somos\/#breadcrumb\",\"itemListElement\":[{\"@type\":\"ListItem\",\"position\":1,\"name\":\"Portada\",\"item\":\"https:\/\/audiosaludregional.cl\/\"},{\"@type\":\"ListItem\",\"position\":2,\"name\":\"Quienes somos\"}]},{\"@type\":\"WebSite\",\"@id\":\"https:\/\/audiosaludregional.cl\/#website\",\"url\":\"https:\/\/audiosaludregional.cl\/\",\"name\":\"Audio Salud Regional\",\"description\":\"Audiometria y Audifonos Concepcion\",\"publisher\":{\"@id\":\"https:\/\/audiosaludregional.cl\/#organization\"},\"potentialAction\":[{\"@type\":\"SearchAction\",\"target\":{\"@type\":\"EntryPoint\",\"urlTemplate\":\"https:\/\/audiosaludregional.cl\/?s={search_term_string}\"},\"query-input\":{\"@type\":\"PropertyValueSpecification\",\"valueRequired\":true,\"valueName\":\"search_term_string\"}}],\"inLanguage\":\"es\"},{\"@type\":\"Organization\",\"@id\":\"https:\/\/audiosaludregional.cl\/#organization\",\"name\":\"Audio Salud Regional\",\"url\":\"https:\/\/audiosaludregional.cl\/\",\"logo\":{\"@type\":\"ImageObject\",\"inLanguage\":\"es\",\"@id\":\"https:\/\/audiosaludregional.cl\/#\/schema\/logo\/image\/\",\"url\":\"https:\/\/audiosaludregional.cl\/wp-content\/uploads\/2023\/04\/cropped-logoweb.jpg\",\"contentUrl\":\"https:\/\/audiosaludregional.cl\/wp-content\/uploads\/2023\/04\/cropped-logoweb.jpg\",\"width\":512,\"height\":512,\"caption\":\"Audio Salud Regional\"},\"image\":{\"@id\":\"https:\/\/audiosaludregional.cl\/#\/schema\/logo\/image\/\"}}]}<\/script>\n<!-- \/ Yoast SEO plugin. -->","yoast_head_json":{"title":"Quienes somos - Audio Salud Regional","robots":{"index":"index","follow":"follow","max-snippet":"max-snippet:-1","max-image-preview":"max-image-preview:large","max-video-preview":"max-video-preview:-1"},"canonical":"https:\/\/audiosaludregional.cl\/index.php\/quienes-somos\/","og_locale":"es_ES","og_type":"article","og_title":"Quienes somos - Audio Salud Regional","og_url":"https:\/\/audiosaludregional.cl\/index.php\/quienes-somos\/","og_site_name":"Audio Salud Regional","article_modified_time":"2025-08-05T21:01:22+00:00","twitter_card":"summary_large_image","twitter_misc":{"Tiempo de lectura":"4 minutos"},"schema":{"@context":"https:\/\/schema.org","@graph":[{"@type":"WebPage","@id":"https:\/\/audiosaludregional.cl\/index.php\/quienes-somos\/","url":"https:\/\/audiosaludregional.cl\/index.php\/quienes-somos\/","name":"Quienes somos - Audio Salud Regional","isPartOf":{"@id":"https:\/\/audiosaludregional.cl\/#website"},"datePublished":"2016-11-02T02:26:39+00:00","dateModified":"2025-08-05T21:01:22+00:00","breadcrumb":{"@id":"https:\/\/audiosaludregional.cl\/index.php\/quienes-somos\/#breadcrumb"},"inLanguage":"es","potentialAction":[{"@type":"ReadAction","target":["https:\/\/audiosaludregional.cl\/index.php\/quienes-somos\/"]}]},{"@type":"BreadcrumbList","@id":"https:\/\/audiosaludregional.cl\/index.php\/quienes-somos\/#breadcrumb","itemListElement":[{"@type":"ListItem","position":1,"name":"Portada","item":"https:\/\/audiosaludregional.cl\/"},{"@type":"ListItem","position":2,"name":"Quienes somos"}]},{"@type":"WebSite","@id":"https:\/\/audiosaludregional.cl\/#website","url":"https:\/\/audiosaludregional.cl\/","name":"Audio Salud Regional","description":"Audiometria y Audifonos Concepcion","publisher":{"@id":"https:\/\/audiosaludregional.cl\/#organization"},"potentialAction":[{"@type":"SearchAction","target":{"@type":"EntryPoint","urlTemplate":"https:\/\/audiosaludregional.cl\/?s={search_term_string}"},"query-input":{"@type":"PropertyValueSpecification","valueRequired":true,"valueName":"search_term_string"}}],"inLanguage":"es"},{"@type":"Organization","@id":"https:\/\/audiosaludregional.cl\/#organization","name":"Audio Salud Regional","url":"https:\/\/audiosaludregional.cl\/","logo":{"@type":"ImageObject","inLanguage":"es","@id":"https:\/\/audiosaludregional.cl\/#\/schema\/logo\/image\/","url":"https:\/\/audiosaludregional.cl\/wp-content\/uploads\/2023\/04\/cropped-logoweb.jpg","contentUrl":"https:\/\/audiosaludregional.cl\/wp-content\/uploads\/2023\/04\/cropped-logoweb.jpg","width":512,"height":512,"caption":"Audio Salud Regional"},"image":{"@id":"https:\/\/audiosaludregional.cl\/#\/schema\/logo\/image\/"}}]}},"_links":{"self":[{"href":"https:\/\/audiosaludregional.cl\/index.php\/wp-json\/wp\/v2\/pages\/8","targetHints":{"allow":["GET"]}}],"collection":[{"href":"https:\/\/audiosaludregional.cl\/index.php\/wp-json\/wp\/v2\/pages"}],"about":[{"href":"https:\/\/audiosaludregional.cl\/index.php\/wp-json\/wp\/v2\/types\/page"}],"author":[{"embeddable":true,"href":"https:\/\/audiosaludregional.cl\/index.php\/wp-json\/wp\/v2\/users\/1"}],"replies":[{"embeddable":true,"href":"https:\/\/audiosaludregional.cl\/index.php\/wp-json\/wp\/v2\/comments?post=8"}],"version-history":[{"count":12,"href":"https:\/\/audiosaludregional.cl\/index.php\/wp-json\/wp\/v2\/pages\/8\/revisions"}],"predecessor-version":[{"id":2481,"href":"https:\/\/audiosaludregional.cl\/index.php\/wp-json\/wp\/v2\/pages\/8\/revisions\/2481"}],"wp:attachment":[{"href":"https:\/\/audiosaludregional.cl\/index.php\/wp-json\/wp\/v2\/media?parent=8"}],"curies":[{"name":"wp","href":"https:\/\/api.w.org\/{rel}","templated":true}]}}